{"id":101,"date":"2024-05-06T12:10:26","date_gmt":"2024-05-06T12:10:26","guid":{"rendered":"https:\/\/emuder.com\/?page_id=101"},"modified":"2025-01-25T16:22:34","modified_gmt":"2025-01-25T16:22:34","slug":"ogr-yusuf-gidis","status":"publish","type":"page","link":"https:\/\/emuder.com\/en\/ogr-yusuf-gidis\/","title":{"rendered":"Dr.Yusuf G\u0130D\u0130\u015e"},"content":{"rendered":"<div class=\"section-wrapper\" data-id=\"Egpgxw\"><section class=\"wp-block-gutenverse-section guten-element guten-section guten-Egpgxw layout-boxed align-stretch\"><div class=\"guten-background-overlay\"><\/div><div class=\"guten-shape-divider guten-shape-divider-top\"><\/div><div class=\"guten-shape-divider guten-shape-divider-bottom\"><\/div><div class=\"guten-container guten-column-gap-default\">\n<div class=\"wp-block-gutenverse-column guten-element guten-column guten-1kIvXX\"><div class=\"guten-background-overlay\"><\/div><div class=\"sticky-wrapper\" data-id=\"1kIvXX\"><div class=\"guten-column-wrapper\">\n<div class=\"wp-block-gutenverse-image guten-element guten-image guten-HDgFum animated guten-element-hide desktop-fadeInLeft\"><a class=\"guten-image-wrapper\"><img loading=\"lazy\" decoding=\"async\" class=\"gutenverse-image-box-filled\" src=\"https:\/\/emuder.com\/wp-content\/themes\/accountra\/assets\/img\/american-beard-business-business-people-businessman-caucasian-1454767-pxhere.com.webp\" height=\"1920\" width=\"1449\"\/><\/a><\/div>\n<\/div><\/div><\/div>\n\n\n\n<div class=\"wp-block-gutenverse-column guten-element guten-column guten-ulD758 hide-mobile\"><div class=\"guten-background-overlay\"><\/div><div class=\"sticky-wrapper\" data-id=\"ulD758\"><div class=\"guten-column-wrapper\">\n<div class=\"guten-element gutenverse-text-editor guten-xRCYmM animated guten-element-hide desktop-fadeInLeft\"><div class=\"text-content-inner\">\n<p>Dr. G\u0130D\u0130\u015e, 1978 y\u0131l\u0131nda Mersin\u2019de do\u011fdu. \u0130lk, orta ve lise e\u011fitimini Mersin\u2019de tamamlad\u0131. 2000 y\u0131l\u0131nda S\u00fcleyman Demirel \u00dcniversitesi Burdur E\u011fitim Fak\u00fcltesi Co\u011frafya \u00d6\u011fretmenli\u011fi b\u00f6l\u00fcm\u00fcnden mezun oldu. Ayn\u0131 y\u0131l \u015e\u0131rnak\u2019ta \u00f6\u011fretmenli\u011fe ba\u015flad\u0131. \u015e\u0131rnak, K\u00fctahya ve Manisa\u2019da Milli E\u011fitim Bakanl\u0131\u011f\u0131na ba\u011fl\u0131 okullarda \u00f6\u011fretmenlik, m\u00fcd\u00fcr yard\u0131mc\u0131l\u0131\u011f\u0131, m\u00fcd\u00fcr ba\u015fyard\u0131mc\u0131l\u0131\u011f\u0131 ve m\u00fcd\u00fcrl\u00fck g\u00f6revlerinde bulundu. Halen Turgutlu Niyazi \u00dczmez Anadolu Lisesinde m\u00fcd\u00fcr ba\u015fyard\u0131mc\u0131s\u0131 olarak g\u00f6rev yapmaktad\u0131r. 2017 y\u0131l\u0131nda U\u015fak \u00dcniversitesi Sosyal Enstit\u00fcs\u00fc E\u011fitim Y\u00f6netimi program\u0131ndan \u201c\u00d6\u011fretmenlerin liderlik kapasitesi alg\u0131lar\u0131 ile \u00f6rg\u00fctsel \u00f6zde\u015fle\u015fme d\u00fczeyleri aras\u0131ndaki ili\u015fki\u201d adl\u0131 tezi ile mezun oldu. Ayn\u0131 y\u0131l ba\u015flad\u0131\u011f\u0131 Ayd\u0131n Adnan Menderes \u00dcniversitesi Sosyal Bilimler Enstit\u00fcs\u00fc, E\u011fitim Y\u00f6netimi, Tefti\u015fi Planlamas\u0131 ve Ekonomisi alan\u0131nda doktora e\u011fitimini&#8221; Okul y\u00f6neticilerinin i\u015fkoliklik e\u011filimleri ile aile dostu okul politikalar\u0131 aras\u0131ndaki ili\u015fki&#8221; adl\u0131 doktora tezi ile 2023 y\u0131l\u0131nda tamamlad\u0131. E\u011fitim ve gelecek, \u00f6rg\u00fctsel davran\u0131\u015f, \u00f6rg\u00fct geli\u015ftirme konular\u0131na ilgi duymaktad\u0131r.<\/p>\n<\/div><\/div>\n<\/div><\/div><\/div>\n<\/div><\/section><\/div>","protected":false},"excerpt":{"rendered":"","protected":false},"author":1,"featured_media":0,"parent":0,"menu_order":0,"comment_status":"closed","ping_status":"closed","template":"","meta":{"footnotes":""},"class_list":["post-101","page","type-page","status-publish","hentry"],"_links":{"self":[{"href":"https:\/\/emuder.com\/en\/wp-json\/wp\/v2\/pages\/101","targetHints":{"allow":["GET"]}}],"collection":[{"href":"https:\/\/emuder.com\/en\/wp-json\/wp\/v2\/pages"}],"about":[{"href":"https:\/\/emuder.com\/en\/wp-json\/wp\/v2\/types\/page"}],"author":[{"embeddable":true,"href":"https:\/\/emuder.com\/en\/wp-json\/wp\/v2\/users\/1"}],"replies":[{"embeddable":true,"href":"https:\/\/emuder.com\/en\/wp-json\/wp\/v2\/comments?post=101"}],"version-history":[{"count":4,"href":"https:\/\/emuder.com\/en\/wp-json\/wp\/v2\/pages\/101\/revisions"}],"predecessor-version":[{"id":563,"href":"https:\/\/emuder.com\/en\/wp-json\/wp\/v2\/pages\/101\/revisions\/563"}],"wp:attachment":[{"href":"https:\/\/emuder.com\/en\/wp-json\/wp\/v2\/media?parent=101"}],"curies":[{"name":"wp","href":"https:\/\/api.w.org\/{rel}","templated":true}]}}