{"id":161,"date":"2024-05-06T14:53:54","date_gmt":"2024-05-06T14:53:54","guid":{"rendered":"https:\/\/emuder.com\/?page_id=161"},"modified":"2024-05-06T14:53:54","modified_gmt":"2024-05-06T14:53:54","slug":"blm-uzm-mustafa-cetin","status":"publish","type":"page","link":"https:\/\/emuder.com\/en\/blm-uzm-mustafa-cetin\/","title":{"rendered":"Blm. Uzm. Mustafa \u00c7ET\u0130N"},"content":{"rendered":"<div class=\"section-wrapper\" data-id=\"Egpgxw\"><section class=\"wp-block-gutenverse-section guten-element guten-section guten-Egpgxw layout-boxed align-stretch\"><div class=\"guten-background-overlay\"><\/div><div class=\"guten-shape-divider guten-shape-divider-top\"><\/div><div class=\"guten-shape-divider guten-shape-divider-bottom\"><\/div><div class=\"guten-container guten-column-gap-default\">\n<div class=\"wp-block-gutenverse-column guten-element guten-column guten-1kIvXX\"><div class=\"guten-background-overlay\"><\/div><div class=\"sticky-wrapper\" data-id=\"1kIvXX\"><div class=\"guten-column-wrapper\">\n<div class=\"wp-block-gutenverse-image guten-element guten-image guten-HDgFum animated guten-element-hide desktop-fadeInLeft\"><a class=\"guten-image-wrapper\"><img loading=\"lazy\" decoding=\"async\" class=\"gutenverse-image-box-filled\" src=\"https:\/\/emuder.com\/wp-content\/themes\/accountra\/assets\/img\/american-beard-business-business-people-businessman-caucasian-1454767-pxhere.com.webp\" height=\"1920\" width=\"1449\"\/><\/a><\/div>\n<\/div><\/div><\/div>\n\n\n\n<div class=\"wp-block-gutenverse-column guten-element guten-column guten-ulD758 hide-mobile\"><div class=\"guten-background-overlay\"><\/div><div class=\"sticky-wrapper\" data-id=\"ulD758\"><div class=\"guten-column-wrapper\">\n<div class=\"guten-element gutenverse-text-editor guten-xRCYmM animated guten-element-hide desktop-fadeInLeft\"><div class=\"text-content-inner\">\n<p>Mustafa \u00c7ET\u0130N, ilk\u00f6\u011frenimini Burdur \u0130li \u00c7eltik\u00e7i \u0130l\u00e7esi\u2019ne ba\u011fl\u0131 Kuzk\u00f6y \u0130lk\u00f6\u011fretim Okulunda tamamlad\u0131. 2000 y\u0131l\u0131nda Burdur Bucak Anadolu Lisesi\u2019nden mezun oldu. Sonras\u0131nda s\u0131ras\u0131yla; 2007 y\u0131l\u0131nda, Sel\u00e7uk \u00dcniversitesi, Almanca \u00d6\u011fretmenli\u011fi B\u00f6l\u00fcm\u00fc\u2019n\u00fc, 2012 y\u0131l\u0131nda Anadolu \u00dcniversitesi, A\u00e7\u0131k\u00f6\u011fretim Fak\u00fcltesi, Adalet B\u00f6l\u00fcm\u00fc\u2019n\u00fc, 2016 y\u0131l\u0131nda Anadolu \u00dcniversitesi, A\u00e7\u0131k\u00f6\u011fretim Fak\u00fcltesi, Uluslararas\u0131 \u0130li\u015fkiler B\u00f6l\u00fcm\u00fc\u2019n\u00fc, 2018 y\u0131l\u0131nda Adnan Menderes \u00dcniversitesi E\u011fitim Y\u00f6netimi Tefti\u015fi Planlamas\u0131 ve Ekonomisi Tezsiz Y\u00fcksek Lisans B\u00f6l\u00fcm\u00fc\u2019n\u00fc tamamlad\u0131. 2019 y\u0131l\u0131nda yine ayn\u0131 \u00fcniversitede E\u011fitim Y\u00f6netimi Tefti\u015fi Planlamas\u0131 ve Ekonomisi Program\u0131\u2019nda Tezli Y\u00fcksek Lisans e\u011fitimine devam etmektedir. Mustafa \u00c7ET\u0130N; 2011 y\u0131l\u0131nda A\u011fr\u0131 Patnos Alparslan Anadolu Lisesi, 2015 y\u0131l\u0131nda Karpuzlu Anadolu Lisesi, yine ayn\u0131 y\u0131l Karacasu K\u0131r\u00e7i\u00e7e\u011fi Anadolu Lisesi\u2019nde Almanca \u00d6\u011fretmeni olarak g\u00f6rev yapt\u0131. 2018 y\u0131l\u0131nda Adnan Menderes \u00dcniversitesi Karacasu Memnune \u0130nci Meslek Y\u00fcksekokulu\u2019nda \u00fccretli olarak Almanca dersleri verdi. 2019 y\u0131l\u0131nda Nazilli\u2019de Atat\u00fcrk Anadolu Lisesi\u2019ne atand\u0131. Sonras\u0131nda Nazilli Menderes Anadolu Lisesi\u2019ne atamas\u0131 oldu. Halen ayn\u0131 okulda g\u00f6rev yapmakta olup 2020-2021 Akademik y\u0131l\u0131nda Adnan Menderes \u00dcniversitesi Turizm Fak\u00fcltesi\u2019nde \u00fccretli Almanca dersleri vermektedir.<\/p>\n<\/div><\/div>\n<\/div><\/div><\/div>\n<\/div><\/section><\/div>","protected":false},"excerpt":{"rendered":"","protected":false},"author":1,"featured_media":0,"parent":0,"menu_order":0,"comment_status":"closed","ping_status":"closed","template":"","meta":{"footnotes":""},"class_list":["post-161","page","type-page","status-publish","hentry"],"_links":{"self":[{"href":"https:\/\/emuder.com\/en\/wp-json\/wp\/v2\/pages\/161","targetHints":{"allow":["GET"]}}],"collection":[{"href":"https:\/\/emuder.com\/en\/wp-json\/wp\/v2\/pages"}],"about":[{"href":"https:\/\/emuder.com\/en\/wp-json\/wp\/v2\/types\/page"}],"author":[{"embeddable":true,"href":"https:\/\/emuder.com\/en\/wp-json\/wp\/v2\/users\/1"}],"replies":[{"embeddable":true,"href":"https:\/\/emuder.com\/en\/wp-json\/wp\/v2\/comments?post=161"}],"version-history":[{"count":1,"href":"https:\/\/emuder.com\/en\/wp-json\/wp\/v2\/pages\/161\/revisions"}],"predecessor-version":[{"id":178,"href":"https:\/\/emuder.com\/en\/wp-json\/wp\/v2\/pages\/161\/revisions\/178"}],"wp:attachment":[{"href":"https:\/\/emuder.com\/en\/wp-json\/wp\/v2\/media?parent=161"}],"curies":[{"name":"wp","href":"https:\/\/api.w.org\/{rel}","templated":true}]}}