{"id":180,"date":"2024-05-06T15:43:51","date_gmt":"2024-05-06T15:43:51","guid":{"rendered":"https:\/\/emuder.com\/?page_id=180"},"modified":"2024-05-06T15:54:48","modified_gmt":"2024-05-06T15:54:48","slug":"dr-hamit-ozen","status":"publish","type":"page","link":"https:\/\/emuder.com\/en\/dr-hamit-ozen\/","title":{"rendered":"Dr. Hamit \u00d6ZEN"},"content":{"rendered":"<div class=\"section-wrapper\" data-id=\"Egpgxw\"><section class=\"wp-block-gutenverse-section guten-element guten-section guten-Egpgxw layout-boxed align-stretch\"><div class=\"guten-background-overlay\"><\/div><div class=\"guten-shape-divider guten-shape-divider-top\"><\/div><div class=\"guten-shape-divider guten-shape-divider-bottom\"><\/div><div class=\"guten-container guten-column-gap-default\">\n<div class=\"wp-block-gutenverse-column guten-element guten-column guten-1kIvXX\"><div class=\"guten-background-overlay\"><\/div><div class=\"sticky-wrapper\" data-id=\"1kIvXX\"><div class=\"guten-column-wrapper\">\n<div class=\"wp-block-gutenverse-image guten-element guten-image guten-HDgFum animated guten-element-hide desktop-fadeInLeft\"><a class=\"guten-image-wrapper\"><img loading=\"lazy\" decoding=\"async\" class=\"gutenverse-image-box-filled\" src=\"https:\/\/emuder.com\/wp-content\/themes\/accountra\/assets\/img\/american-beard-business-business-people-businessman-caucasian-1454767-pxhere.com.webp\" height=\"1920\" width=\"1449\"\/><\/a><\/div>\n<\/div><\/div><\/div>\n\n\n\n<div class=\"wp-block-gutenverse-column guten-element guten-column guten-ulD758 hide-mobile\"><div class=\"guten-background-overlay\"><\/div><div class=\"sticky-wrapper\" data-id=\"ulD758\"><div class=\"guten-column-wrapper\">\n<div class=\"guten-element gutenverse-text-editor guten-xRCYmM animated guten-element-hide desktop-fadeInLeft\"><div class=\"text-content-inner\">\n<p>Dr. \u00d6zen ilk, orta ve lise \u00f6\u011frenimini memleketi olan Akhisar\u2019da tamamlad\u0131ktan sonra 1987 y\u0131l\u0131nda Hava Teknik Okullar Komutanl\u0131\u011f\u0131nda e\u011fitime ba\u015flam\u0131\u015ft\u0131r. Mezuniyetini takiben Hava Kuvvetleri Komutanl\u0131\u011f\u0131\u2019na ba\u011fl\u0131 \u00e7e\u015fitli kararg\u00e2h ve kurumlarda g\u00f6rev yapm\u0131\u015ft\u0131r. 2005-2010 y\u0131llar\u0131 aras\u0131nda K\u00fctahya Hava Er E\u011fitim Komutanl\u0131\u011f\u0131 Birlik Yabanc\u0131 Dil E\u011fitim Merkezi\u2019nde \u0130ngilizce \u00d6\u011fretmeni olarak g\u00f6rev yapm\u0131\u015ft\u0131r. 2011 y\u0131l\u0131nda Sel\u00e7uk \u00dcniversitesi Ahmet Kele\u015fo\u011flu E\u011fitim Fak\u00fcltesi E\u011fitim Y\u00f6netimi Tefti\u015f, Plan ve Ekonomisi Bilim Dal\u0131\u2019ndan E\u011fitim Uzman\u0131 olarak y\u00fcksek lisans derecesini alm\u0131\u015ft\u0131r. Y\u00fcksek lisans e\u011fitimini takiben 2015 y\u0131l\u0131nda Eski\u015fehir Osmangazi \u00dcniversitesi E\u011fitim Y\u00f6netimi Tefti\u015fi, Plan ve Ekonomisi Bilim Dal\u0131\u2019nda Doktor unvan\u0131n\u0131 alarak ayn\u0131 bilim dal\u0131nda Yard. Do\u00e7. Dr olarak g\u00f6reve ba\u015flam\u0131\u015ft\u0131r. Dr. \u00d6ZEN 2020 y\u0131l\u0131nda Do\u00e7ent olmu\u015ftur. Eski\u015fehir Osmangazi \u00dcniversitesi E\u011fitim Fak\u00fcltesi\u2019nde hem lisans hem de y\u00fcksek lisans d\u00fczeyinde; S\u0131n\u0131f Y\u00f6netimi, T\u00fcrk E\u011fitim Sistemi ve Okul Y\u00f6netimi, E\u011fitimde Ara\u015ft\u0131rma Y\u00f6ntemleri, Okul G\u00fcvenli\u011fi ve Kriz Y\u00f6netimi dersleri vermektedir. Ayr\u0131ca doktora d\u00fczeyinde E\u011fitimde Nitel Ara\u015ft\u0131rma dersini de vermektedir.<\/p>\n<\/div><\/div>\n<\/div><\/div><\/div>\n<\/div><\/section><\/div>","protected":false},"excerpt":{"rendered":"","protected":false},"author":1,"featured_media":0,"parent":0,"menu_order":0,"comment_status":"closed","ping_status":"closed","template":"","meta":{"footnotes":""},"class_list":["post-180","page","type-page","status-publish","hentry"],"_links":{"self":[{"href":"https:\/\/emuder.com\/en\/wp-json\/wp\/v2\/pages\/180","targetHints":{"allow":["GET"]}}],"collection":[{"href":"https:\/\/emuder.com\/en\/wp-json\/wp\/v2\/pages"}],"about":[{"href":"https:\/\/emuder.com\/en\/wp-json\/wp\/v2\/types\/page"}],"author":[{"embeddable":true,"href":"https:\/\/emuder.com\/en\/wp-json\/wp\/v2\/users\/1"}],"replies":[{"embeddable":true,"href":"https:\/\/emuder.com\/en\/wp-json\/wp\/v2\/comments?post=180"}],"version-history":[{"count":1,"href":"https:\/\/emuder.com\/en\/wp-json\/wp\/v2\/pages\/180\/revisions"}],"predecessor-version":[{"id":183,"href":"https:\/\/emuder.com\/en\/wp-json\/wp\/v2\/pages\/180\/revisions\/183"}],"wp:attachment":[{"href":"https:\/\/emuder.com\/en\/wp-json\/wp\/v2\/media?parent=180"}],"curies":[{"name":"wp","href":"https:\/\/api.w.org\/{rel}","templated":true}]}}