{"id":182,"date":"2024-05-06T15:45:03","date_gmt":"2024-05-06T15:45:03","guid":{"rendered":"https:\/\/emuder.com\/?page_id=182"},"modified":"2024-05-06T15:45:03","modified_gmt":"2024-05-06T15:45:03","slug":"dr-servet-atik","status":"publish","type":"page","link":"https:\/\/emuder.com\/en\/dr-servet-atik\/","title":{"rendered":"Dr. Servet AT\u0130K"},"content":{"rendered":"<div class=\"section-wrapper\" data-id=\"Egpgxw\"><section class=\"wp-block-gutenverse-section guten-element guten-section guten-Egpgxw layout-boxed align-stretch\"><div class=\"guten-background-overlay\"><\/div><div class=\"guten-shape-divider guten-shape-divider-top\"><\/div><div class=\"guten-shape-divider guten-shape-divider-bottom\"><\/div><div class=\"guten-container guten-column-gap-default\">\n<div class=\"wp-block-gutenverse-column guten-element guten-column guten-1kIvXX\"><div class=\"guten-background-overlay\"><\/div><div class=\"sticky-wrapper\" data-id=\"1kIvXX\"><div class=\"guten-column-wrapper\">\n<div class=\"wp-block-gutenverse-image guten-element guten-image guten-HDgFum animated guten-element-hide desktop-fadeInLeft\"><a class=\"guten-image-wrapper\"><img loading=\"lazy\" decoding=\"async\" class=\"gutenverse-image-box-filled\" src=\"https:\/\/emuder.com\/wp-content\/themes\/accountra\/assets\/img\/american-beard-business-business-people-businessman-caucasian-1454767-pxhere.com.webp\" height=\"1920\" width=\"1449\"\/><\/a><\/div>\n<\/div><\/div><\/div>\n\n\n\n<div class=\"wp-block-gutenverse-column guten-element guten-column guten-ulD758 hide-mobile\"><div class=\"guten-background-overlay\"><\/div><div class=\"sticky-wrapper\" data-id=\"ulD758\"><div class=\"guten-column-wrapper\">\n<div class=\"guten-element gutenverse-text-editor guten-xRCYmM animated guten-element-hide desktop-fadeInLeft\"><div class=\"text-content-inner\">\n<p>Servet AT\u0130K Malatya\u2019da do\u011fdu. \u0130lk ve orta \u00f6\u011frenimini Malatya\u2019da, y\u00fcksek\u00f6\u011frenimini 2009 y\u0131l\u0131nda \u0130n\u00f6n\u00fc \u00dcniversitesi E\u011fitim Fak\u00fcltesi S\u0131n\u0131f \u00d6\u011fretmenli\u011fi alan\u0131nda tamamlad\u0131. 2009-2013 y\u0131llar\u0131 aras\u0131nda El\u00e2z\u0131\u011f ve Malatya\u2019daki \u00e7e\u015fitli okullarda s\u0131n\u0131f \u00f6\u011fretmeni olarak g\u00f6rev yapt\u0131. \u0130n\u00f6n\u00fc \u00dcniversitesi E\u011fitim Y\u00f6netimi Anabilim dal\u0131nda 2012 y\u0131l\u0131nda y\u00fcksek lisans\u0131n\u0131 tamamlad\u0131. 2013 y\u0131l\u0131nda \u0130n\u00f6n\u00fc \u00dcniversitesi E\u011fitim Y\u00f6netimi Anabilim dal\u0131nda ara\u015ft\u0131rma g\u00f6revlisi olarak g\u00f6reve ba\u015flad\u0131. 2016 y\u0131l\u0131nda \u0130n\u00f6n\u00fc \u00dcniversitesi E\u011fitim Y\u00f6netimi Anabilim dal\u0131nda doktoras\u0131n\u0131 tamamlad\u0131 ve ayn\u0131 anabilim dal\u0131nda 2017 y\u0131l\u0131nda doktor \u00f6\u011fretim \u00fcyesi olarak g\u00f6reve ba\u015flad\u0131, 2021 y\u0131l\u0131nda doocent oldu. \u00c7al\u0131\u015fma alanlar\u0131 e\u011fitim y\u00f6netimi, e\u011fitim denetimi, \u00f6\u011fretmen e\u011fitimi, s\u0131n\u0131f y\u00f6netimi, akademik ba\u015far\u0131, liderlik ve g\u00fcvendir. Dr. Atik, lisans d\u00fczeyinde E\u011fitim Bilimine Giri\u015f, S\u0131n\u0131f Y\u00f6netimi, E\u011fitim Y\u00f6netimi, T\u00fcrk E\u011fitim Sistemi ve Okul Y\u00f6netimi, Okul Deneyimi, \u00d6\u011fretmenlik Uygulamas\u0131, Kar\u015f\u0131la\u015ft\u0131rmal\u0131 E\u011fitim, E\u011fitimde Ara\u015ft\u0131rma Y\u00f6ntemleri, ile lisans\u00fcst\u00fc d\u00fczeyde E\u011fitim \u0130statisti\u011fi, E\u011fitim Denetimi, \u00d6rg\u00fct K\u00fclt\u00fcr\u00fc ve \u0130klimi, E\u011fitimde Ara\u015ft\u0131rma Y\u00f6ntem ve Teknikleri gibi dersleri vermektedir.<\/p>\n<\/div><\/div>\n<\/div><\/div><\/div>\n<\/div><\/section><\/div>","protected":false},"excerpt":{"rendered":"","protected":false},"author":1,"featured_media":0,"parent":0,"menu_order":0,"comment_status":"closed","ping_status":"closed","template":"","meta":{"footnotes":""},"class_list":["post-182","page","type-page","status-publish","hentry"],"_links":{"self":[{"href":"https:\/\/emuder.com\/en\/wp-json\/wp\/v2\/pages\/182","targetHints":{"allow":["GET"]}}],"collection":[{"href":"https:\/\/emuder.com\/en\/wp-json\/wp\/v2\/pages"}],"about":[{"href":"https:\/\/emuder.com\/en\/wp-json\/wp\/v2\/types\/page"}],"author":[{"embeddable":true,"href":"https:\/\/emuder.com\/en\/wp-json\/wp\/v2\/users\/1"}],"replies":[{"embeddable":true,"href":"https:\/\/emuder.com\/en\/wp-json\/wp\/v2\/comments?post=182"}],"version-history":[{"count":1,"href":"https:\/\/emuder.com\/en\/wp-json\/wp\/v2\/pages\/182\/revisions"}],"predecessor-version":[{"id":187,"href":"https:\/\/emuder.com\/en\/wp-json\/wp\/v2\/pages\/182\/revisions\/187"}],"wp:attachment":[{"href":"https:\/\/emuder.com\/en\/wp-json\/wp\/v2\/media?parent=182"}],"curies":[{"name":"wp","href":"https:\/\/api.w.org\/{rel}","templated":true}]}}