{"id":74,"date":"2024-05-06T11:54:32","date_gmt":"2024-05-06T11:54:32","guid":{"rendered":"https:\/\/emuder.com\/?page_id=74"},"modified":"2025-09-25T14:36:02","modified_gmt":"2025-09-25T14:36:02","slug":"dr-erkan-kiral","status":"publish","type":"page","link":"https:\/\/emuder.com\/en\/dr-erkan-kiral\/","title":{"rendered":"Dr. Erkan K\u0131ral"},"content":{"rendered":"<div class=\"section-wrapper\" data-id=\"Egpgxw\"><section class=\"wp-block-gutenverse-section guten-element guten-section guten-Egpgxw layout-boxed align-stretch\"><div class=\"guten-background-overlay\"><\/div><div class=\"guten-shape-divider guten-shape-divider-top\"><\/div><div class=\"guten-shape-divider guten-shape-divider-bottom\"><\/div><div class=\"guten-container guten-column-gap-default\">\n<div class=\"wp-block-gutenverse-column guten-element guten-column guten-1kIvXX\"><div class=\"guten-background-overlay\"><\/div><div class=\"sticky-wrapper\" data-id=\"1kIvXX\"><div class=\"guten-column-wrapper\">\n<div class=\"wp-block-gutenverse-image guten-element guten-image guten-HDgFum animated guten-element-hide desktop-fadeInLeft\"><a class=\"guten-image-wrapper\"><img loading=\"lazy\" decoding=\"async\" class=\"gutenverse-image-box-filled\" src=\"https:\/\/emuder.com\/wp-content\/themes\/accountra\/assets\/img\/american-beard-business-business-people-businessman-caucasian-1454767-pxhere.com.webp\" height=\"1920\" width=\"1449\"\/><\/a><\/div>\n<\/div><\/div><\/div>\n\n\n\n<div class=\"wp-block-gutenverse-column guten-element guten-column guten-ulD758 hide-mobile\"><div class=\"guten-background-overlay\"><\/div><div class=\"sticky-wrapper\" data-id=\"ulD758\"><div class=\"guten-column-wrapper\">\n<div class=\"guten-element gutenverse-text-editor guten-xRCYmM animated guten-element-hide desktop-fadeInLeft\"><div class=\"text-content-inner\">\n<p>Dr. Erkan KIRAL, 2000 y\u0131l\u0131nda Anadolu \u00dcniversitesi, \u0130\u015fletme Fak\u00fcltesi\u2019nden, 2002 y\u0131l\u0131nda 19 May\u0131s \u00dcniversitesi, Beden E\u011fitimi ve Spor \u00d6\u011fretmenli\u011fi B\u00f6l\u00fcm\u00fcnden mezun oldu. 2007 y\u0131l\u0131nda K\u0131r\u0131kkale \u00dcniversitesi, Sosyal Bilimler Enstit\u00fcs\u00fcnde \u201c\u0130lk\u00f6\u011fretim Okul Y\u00f6neticilerinin Tan\u0131mlanm\u0131\u015f G\u00f6revleri \u0130\u00e7in Zaman Kullanma Bi\u00e7emleri\u201d ba\u015fl\u0131kl\u0131 tezini vererek y\u00fcksek lisans e\u011fitimini tamamlad\u0131. 2012 y\u0131l\u0131nda Ankara \u00dcniversitesi, E\u011fitim Bilimleri Enstit\u00fcs\u00fc, E\u011fitim Y\u00f6netimi ve Politikas\u0131 Anabilim Dal\u0131, E\u011fitim Y\u00f6netimi ve Tefti\u015fi program\u0131ndan \u201c\u0130lk\u00f6\u011fretim Okul Y\u00f6neticilerinin M\u00fckemmeliyet\u00e7ilik Alg\u0131s\u0131 ve Kontrol Oda\u011f\u0131 \u0130le \u0130li\u015fkisi\u201d ba\u015fl\u0131kl\u0131 tezi ile doktor unvan\u0131n\u0131 ald\u0131. 2017 y\u0131l\u0131nda Anadolu \u00dcniversitesi, Adalet B\u00f6l\u00fcm\u00fc tamamlad\u0131. 2013 y\u0131l\u0131nda yard\u0131mc\u0131 do\u00e7ent olarak Ayd\u0131n Adnan Menderes \u00dcniversitesi, E\u011fitim Fak\u00fcltesi, E\u011fitim Y\u00f6netimi Anabilim Dal\u0131nda g\u00f6reve ba\u015flad\u0131, 2017 do\u00e7ent oldu. Dr. KIRAL\u2019\u0131n kamuda ge\u00e7irdi\u011fi 30 y\u0131ll\u0131k \u00e7al\u0131\u015fma hayat\u0131nda \u201ci\u015fi en iyi yapma iste\u011fi\/beklentisi\u201d onun ya\u015fam\u0131n\u0131 derinden etkilemi\u015f, teorik \u00e7al\u0131\u015fmalar\u0131nda da bu birikimlerin etkisi \u201cM\u00fckemmellik Aray\u0131\u015f\u0131\u201d olarak kendini g\u00f6stermi\u015ftir. Nitekim \u00f6zlemini duydu\u011fu teori ve uygulamay\u0131 birle\u015ftirerek T\u00fcrk k\u00fclt\u00fcr\u00fcne \u00f6zg\u00fc \u201cM\u00fckemmel Liderlik Yakla\u015f\u0131m\u0131n\u0131\u201d ortaya koymu\u015ftur. \u201cM\u00fckemmel Liderlik\u201d T\u00dcB\u0130TAK projesi kabul edilmi\u015f, liderlik ara\u015ft\u0131rmalar\u0131n\u0131n g\u00f6rece merkezi olarak kabul edilen Ohio\u2019da \u201cM\u00fckemmel Liderlik\u201d ile ilgili \u00e7al\u0131\u015fmalar\u0131n\u0131 y\u00fcr\u00fctm\u00fc\u015ft\u00fcr. Ayd\u0131n Adnan Menderes \u00dcniversitesi, E\u011fitim Bilimleri Fak\u00fcltesi, E\u011fitim Y\u00f6netimi Anabilim Dal\u0131 \u00f6\u011fretim \u00fcyesi olarak Lisans ve Lisans\u00fcst\u00fc d\u00fczeyde \u00e7e\u015fitli dersler vermekle birlikte as\u0131l ilgi alan\u0131 kendini i\u00e7inde buldu\u011fu, ya\u015fam\u0131m dedi\u011fi ve ortaya koydu\u011fu \u201cM\u00fckemmel Liderlik\u201d tir. Dr. KIRAL\u2019\u0131n felsefesi \u201cKendine yap\u0131lmas\u0131n\u0131 istemedi\u011fin bir \u015feyi ba\u015fkas\u0131na yapma\u201d olup, vizyonu ise \u201cHEP DAHA \u0130Y\u0130YE\u201d\u2026. sizlerle\u2019dir.<\/p>\n<\/div><\/div>\n<\/div><\/div><\/div>\n<\/div><\/section><\/div>","protected":false},"excerpt":{"rendered":"","protected":false},"author":1,"featured_media":0,"parent":0,"menu_order":0,"comment_status":"closed","ping_status":"closed","template":"","meta":{"footnotes":""},"class_list":["post-74","page","type-page","status-publish","hentry"],"_links":{"self":[{"href":"https:\/\/emuder.com\/en\/wp-json\/wp\/v2\/pages\/74","targetHints":{"allow":["GET"]}}],"collection":[{"href":"https:\/\/emuder.com\/en\/wp-json\/wp\/v2\/pages"}],"about":[{"href":"https:\/\/emuder.com\/en\/wp-json\/wp\/v2\/types\/page"}],"author":[{"embeddable":true,"href":"https:\/\/emuder.com\/en\/wp-json\/wp\/v2\/users\/1"}],"replies":[{"embeddable":true,"href":"https:\/\/emuder.com\/en\/wp-json\/wp\/v2\/comments?post=74"}],"version-history":[{"count":3,"href":"https:\/\/emuder.com\/en\/wp-json\/wp\/v2\/pages\/74\/revisions"}],"predecessor-version":[{"id":78,"href":"https:\/\/emuder.com\/en\/wp-json\/wp\/v2\/pages\/74\/revisions\/78"}],"wp:attachment":[{"href":"https:\/\/emuder.com\/en\/wp-json\/wp\/v2\/media?parent=74"}],"curies":[{"name":"wp","href":"https:\/\/api.w.org\/{rel}","templated":true}]}}