{"id":85,"date":"2024-05-06T12:06:55","date_gmt":"2024-05-06T12:06:55","guid":{"rendered":"https:\/\/emuder.com\/?page_id=85"},"modified":"2024-05-06T12:06:55","modified_gmt":"2024-05-06T12:06:55","slug":"dr-mehmet-ulutas","status":"publish","type":"page","link":"https:\/\/emuder.com\/en\/dr-mehmet-ulutas\/","title":{"rendered":"Dr. Mehmet ULUTA\u015e"},"content":{"rendered":"<div class=\"section-wrapper\" data-id=\"Egpgxw\"><section class=\"wp-block-gutenverse-section guten-element guten-section guten-Egpgxw layout-boxed align-stretch\"><div class=\"guten-background-overlay\"><\/div><div class=\"guten-shape-divider guten-shape-divider-top\"><\/div><div class=\"guten-shape-divider guten-shape-divider-bottom\"><\/div><div class=\"guten-container guten-column-gap-default\">\n<div class=\"wp-block-gutenverse-column guten-element guten-column guten-1kIvXX\"><div class=\"guten-background-overlay\"><\/div><div class=\"sticky-wrapper\" data-id=\"1kIvXX\"><div class=\"guten-column-wrapper\">\n<div class=\"wp-block-gutenverse-image guten-element guten-image guten-HDgFum animated guten-element-hide desktop-fadeInLeft\"><a class=\"guten-image-wrapper\"><img loading=\"lazy\" decoding=\"async\" class=\"gutenverse-image-box-filled\" src=\"https:\/\/emuder.com\/wp-content\/themes\/accountra\/assets\/img\/american-beard-business-business-people-businessman-caucasian-1454767-pxhere.com.webp\" height=\"1920\" width=\"1449\"\/><\/a><\/div>\n<\/div><\/div><\/div>\n\n\n\n<div class=\"wp-block-gutenverse-column guten-element guten-column guten-ulD758 hide-mobile\"><div class=\"guten-background-overlay\"><\/div><div class=\"sticky-wrapper\" data-id=\"ulD758\"><div class=\"guten-column-wrapper\">\n<div class=\"guten-element gutenverse-text-editor guten-xRCYmM animated guten-element-hide desktop-fadeInLeft\"><div class=\"text-content-inner\">\n<p>1980 y\u0131l\u0131nda Ayd\u0131n\u2019da do\u011fan Mehmet Uluta\u015f ilk, orta ve lise \u00f6\u011frenimini Ayd\u0131n\u2019da bitirmi\u015ftir. Lise e\u011fitiminde bilgisayar donan\u0131m\u0131yla ilgili teknik programdan mezun olduktan sonra 1998 y\u0131l\u0131nda \u00c7anakkale Onsekiz Mart \u00dcniversitesi Bilgisayar ve \u00d6\u011fretim Teknolojileri \u00d6\u011fretmenli\u011fi lisans program\u0131na ba\u015flam\u0131\u015f ve bu program\u0131 2002 y\u0131l\u0131nda tamamlam\u0131\u015ft\u0131r. Ayn\u0131 y\u0131l lisans \u00f6\u011frenimini g\u00f6rd\u00fc\u011f\u00fc \u00fcniversitede Enformatik B\u00f6l\u00fcm\u00fcnde okutman olarak g\u00f6reve ba\u015flam\u0131\u015ft\u0131r. Bu s\u00fcre zarf\u0131nda e\u011fitim ve teknoloji alan\u0131nda bir\u00e7ok lisans dersine girmi\u015ftir. Dr. Uluta\u015f 2006 y\u0131l\u0131nda \u00c7anakkale Onsekiz Mart \u00dcniversitesi E\u011fitim Bilimleri y\u00fcksek lisans program\u0131n\u0131, 2015 y\u0131l\u0131nda ise ayn\u0131 \u00fcniversitenin E\u011fitim Y\u00f6netimi ve Denetimi doktora program\u0131n\u0131 tamamlam\u0131\u015ft\u0131r. Doktora tezinde Bili\u015fim Liderli\u011fi, \u00d6\u011frenen \u00d6rg\u00fct ve \u00dcniversite K\u00fclt\u00fcr\u00fc konular\u0131n\u0131 \u00e7al\u0131\u015fm\u0131\u015ft\u0131r. 2016 y\u0131l\u0131nda E\u011fitim Bilimleri B\u00f6l\u00fcm\u00fcnde Yard\u0131mc\u0131 Do\u00e7ent Dr. unvan\u0131yla \u00e7al\u0131\u015fmaya ba\u015flam\u0131\u015ft\u0131r. 2018 y\u0131l\u0131nda da halen g\u00f6rev yapt\u0131\u011f\u0131 Ayd\u0131n Adnan Menderes \u00dcniversitesi E\u011fitim Bilimleri B\u00f6l\u00fcm\u00fc E\u011fitim Y\u00f6netimi Anabilim Dal\u0131nda Dr. \u00d6\u011fr. \u00dcyesi olarak g\u00f6rev yapmaktad\u0131r. Dr. Uluta\u015f, lisans d\u00fczeyinde E\u011fitim Bilimine Giri\u015f, S\u0131n\u0131f Y\u00f6netimi, E\u011fitim Y\u00f6netimi, T\u00fcrk E\u011fitim Sistemi ve Okul Y\u00f6netimi, E\u011fitim Hukuku, Okul Deneyimi, \u00d6\u011fretmenlik Uygulamas\u0131, Yeti\u015fkin E\u011fitimi, E\u011fitimde Ara\u015ft\u0131rma Y\u00f6ntemleri, E\u011fitimde Ahlak ve Etik dersleri ile lisans\u00fcst\u00fc d\u00fczeyde E\u011fitimde \u00c7a\u011fda\u015f Yakla\u015f\u0131mlar, Y\u00f6netimde \u0130nsan \u0130li\u015fkileri, \u0130nsan Kaynaklar\u0131 Y\u00f6netimi, E\u011fitimde Ara\u015ft\u0131rma Y\u00f6ntem ve Teknikleri, \u0130statistik gibi dersleri vermektedir.<\/p>\n<\/div><\/div>\n<\/div><\/div><\/div>\n<\/div><\/section><\/div>","protected":false},"excerpt":{"rendered":"","protected":false},"author":1,"featured_media":0,"parent":0,"menu_order":0,"comment_status":"closed","ping_status":"closed","template":"","meta":{"footnotes":""},"class_list":["post-85","page","type-page","status-publish","hentry"],"_links":{"self":[{"href":"https:\/\/emuder.com\/en\/wp-json\/wp\/v2\/pages\/85","targetHints":{"allow":["GET"]}}],"collection":[{"href":"https:\/\/emuder.com\/en\/wp-json\/wp\/v2\/pages"}],"about":[{"href":"https:\/\/emuder.com\/en\/wp-json\/wp\/v2\/types\/page"}],"author":[{"embeddable":true,"href":"https:\/\/emuder.com\/en\/wp-json\/wp\/v2\/users\/1"}],"replies":[{"embeddable":true,"href":"https:\/\/emuder.com\/en\/wp-json\/wp\/v2\/comments?post=85"}],"version-history":[{"count":1,"href":"https:\/\/emuder.com\/en\/wp-json\/wp\/v2\/pages\/85\/revisions"}],"predecessor-version":[{"id":93,"href":"https:\/\/emuder.com\/en\/wp-json\/wp\/v2\/pages\/85\/revisions\/93"}],"wp:attachment":[{"href":"https:\/\/emuder.com\/en\/wp-json\/wp\/v2\/media?parent=85"}],"curies":[{"name":"wp","href":"https:\/\/api.w.org\/{rel}","templated":true}]}}