{"id":86,"date":"2024-05-06T12:08:21","date_gmt":"2024-05-06T12:08:21","guid":{"rendered":"https:\/\/emuder.com\/?page_id=86"},"modified":"2025-01-25T18:18:40","modified_gmt":"2025-01-25T18:18:40","slug":"blm-uzm-filiz-tanrisevdi","status":"publish","type":"page","link":"https:\/\/emuder.com\/en\/blm-uzm-filiz-tanrisevdi\/","title":{"rendered":"Dr. Adem BEYHAN"},"content":{"rendered":"<div class=\"section-wrapper\" data-id=\"Egpgxw\"><section class=\"wp-block-gutenverse-section guten-element guten-section guten-Egpgxw layout-boxed align-stretch\"><div class=\"guten-background-overlay\"><\/div><div class=\"guten-shape-divider guten-shape-divider-top\"><\/div><div class=\"guten-shape-divider guten-shape-divider-bottom\"><\/div><div class=\"guten-container guten-column-gap-default\">\n<div class=\"wp-block-gutenverse-column guten-element guten-column guten-1kIvXX\"><div class=\"guten-background-overlay\"><\/div><div class=\"sticky-wrapper\" data-id=\"1kIvXX\"><div class=\"guten-column-wrapper\">\n<div class=\"wp-block-gutenverse-image guten-element guten-image guten-HDgFum animated guten-element-hide desktop-fadeInLeft\"><a class=\"guten-image-wrapper\"><img loading=\"lazy\" decoding=\"async\" class=\"gutenverse-image-box-filled\" src=\"https:\/\/emuder.com\/wp-content\/themes\/accountra\/assets\/img\/american-beard-business-business-people-businessman-caucasian-1454767-pxhere.com.webp\" height=\"1920\" width=\"1449\"\/><\/a><\/div>\n<\/div><\/div><\/div>\n\n\n\n<div class=\"wp-block-gutenverse-column guten-element guten-column guten-ulD758 hide-mobile\"><div class=\"guten-background-overlay\"><\/div><div class=\"sticky-wrapper\" data-id=\"ulD758\"><div class=\"guten-column-wrapper\">\n<div class=\"guten-element gutenverse-text-editor guten-xRCYmM animated guten-element-hide desktop-fadeInLeft\"><div class=\"text-content-inner\">\n<p>Dr. Adem BEYHAN, 1975 Y\u0131l\u0131nda G\u00f6rdes\/Manisa\u2019da do\u011fdu. \u0130lk, orta ve lise \u00f6\u011frenimini Manisa Akhisar\u2019da tamamlad\u0131. 1999 y\u0131l\u0131nda Mersin \u00dcniversitesi Fen Edebiyat Fak\u00fcltesi \u0130ngiliz Dili ve Edebiyat\u0131 b\u00f6l\u00fcm\u00fcnden mezun olan Dr. BEYHAN, 2008 y\u0131l\u0131nda Ankara \u00dcniversitesi E\u011fitim Y\u00f6netimi ve Tefti\u015fi Y\u00fcksek Lisans program\u0131n\u0131, 2019 y\u0131l\u0131nda da yine ayn\u0131 b\u00f6l\u00fcm\u00fcn Doktora program\u0131n\u0131 tamamlad\u0131.<br>1999-2014 y\u0131llar\u0131 aras\u0131nda Milli E\u011fitim Bakanl\u0131\u011f\u0131na ba\u011fl\u0131 \u00e7e\u015fitli t\u00fcrdeki okullarda \u0130ngilizce \u00f6\u011fretmenli\u011fi ve Bili\u015fim Teknolojileri Format\u00f6r \u00f6\u011fretmenli\u011fi yapt\u0131. 2014 y\u0131l\u0131nda okul m\u00fcd\u00fcrl\u00fc\u011f\u00fc g\u00f6revine ba\u015flad\u0131 ve halen bu g\u00f6revini s\u00fcrd\u00fcrmektedir.<br>Dr. Beyhan; e\u011fitim y\u00f6netimi, okul y\u00f6netimi, e\u011fitim denetimi, y\u00f6netim psikolojisi ve sosyal psikoloji gibi \u00e7al\u0131\u015fma alanlar\u0131na ilgi duymakta ve bu alanlarda \u00e7al\u0131\u015fmalar\u0131n\u0131 s\u00fcrd\u00fcrmektedir. \u00c7al\u0131\u015fma alanlar\u0131yla ilgili 2010 y\u0131l\u0131nda \u00c7ekya Prag\u2019ta 2014 y\u0131l\u0131nda da \u0130talya Roma\u2019da k\u0131sa s\u00fcreli e\u011fitimlere kat\u0131lm\u0131\u015f; bu \u00fclkelerin e\u011fitim ve e\u011fitim denetimi sistemlerini inceleme f\u0131rsat\u0131 bulmu\u015ftur.<\/p>\n<\/div><\/div>\n<\/div><\/div><\/div>\n<\/div><\/section><\/div>","protected":false},"excerpt":{"rendered":"","protected":false},"author":1,"featured_media":0,"parent":0,"menu_order":0,"comment_status":"closed","ping_status":"closed","template":"","meta":{"footnotes":""},"class_list":["post-86","page","type-page","status-publish","hentry"],"_links":{"self":[{"href":"https:\/\/emuder.com\/en\/wp-json\/wp\/v2\/pages\/86","targetHints":{"allow":["GET"]}}],"collection":[{"href":"https:\/\/emuder.com\/en\/wp-json\/wp\/v2\/pages"}],"about":[{"href":"https:\/\/emuder.com\/en\/wp-json\/wp\/v2\/types\/page"}],"author":[{"embeddable":true,"href":"https:\/\/emuder.com\/en\/wp-json\/wp\/v2\/users\/1"}],"replies":[{"embeddable":true,"href":"https:\/\/emuder.com\/en\/wp-json\/wp\/v2\/comments?post=86"}],"version-history":[{"count":3,"href":"https:\/\/emuder.com\/en\/wp-json\/wp\/v2\/pages\/86\/revisions"}],"predecessor-version":[{"id":584,"href":"https:\/\/emuder.com\/en\/wp-json\/wp\/v2\/pages\/86\/revisions\/584"}],"wp:attachment":[{"href":"https:\/\/emuder.com\/en\/wp-json\/wp\/v2\/media?parent=86"}],"curies":[{"name":"wp","href":"https:\/\/api.w.org\/{rel}","templated":true}]}}