{"id":99,"date":"2024-05-06T12:10:05","date_gmt":"2024-05-06T12:10:05","guid":{"rendered":"https:\/\/emuder.com\/?page_id=99"},"modified":"2024-05-06T12:10:05","modified_gmt":"2024-05-06T12:10:05","slug":"dr-hakan-esef-toytok","status":"publish","type":"page","link":"https:\/\/emuder.com\/en\/dr-hakan-esef-toytok\/","title":{"rendered":"Dr. Hakan Esef TOYTOK"},"content":{"rendered":"<div class=\"section-wrapper\" data-id=\"Egpgxw\"><section class=\"wp-block-gutenverse-section guten-element guten-section guten-Egpgxw layout-boxed align-stretch\"><div class=\"guten-background-overlay\"><\/div><div class=\"guten-shape-divider guten-shape-divider-top\"><\/div><div class=\"guten-shape-divider guten-shape-divider-bottom\"><\/div><div class=\"guten-container guten-column-gap-default\">\n<div class=\"wp-block-gutenverse-column guten-element guten-column guten-1kIvXX\"><div class=\"guten-background-overlay\"><\/div><div class=\"sticky-wrapper\" data-id=\"1kIvXX\"><div class=\"guten-column-wrapper\">\n<div class=\"wp-block-gutenverse-image guten-element guten-image guten-HDgFum animated guten-element-hide desktop-fadeInLeft\"><a class=\"guten-image-wrapper\"><img loading=\"lazy\" decoding=\"async\" class=\"gutenverse-image-box-filled\" src=\"https:\/\/emuder.com\/wp-content\/themes\/accountra\/assets\/img\/american-beard-business-business-people-businessman-caucasian-1454767-pxhere.com.webp\" height=\"1920\" width=\"1449\"\/><\/a><\/div>\n<\/div><\/div><\/div>\n\n\n\n<div class=\"wp-block-gutenverse-column guten-element guten-column guten-ulD758 hide-mobile\"><div class=\"guten-background-overlay\"><\/div><div class=\"sticky-wrapper\" data-id=\"ulD758\"><div class=\"guten-column-wrapper\">\n<div class=\"guten-element gutenverse-text-editor guten-xRCYmM animated guten-element-hide desktop-fadeInLeft\"><div class=\"text-content-inner\">\n<p>1976 y\u0131l\u0131nda Adana\u2019da do\u011fan Esef Hakan TOYTOK ilk, orta ve lise \u00f6\u011frenimini Mersin\u2019de bitirmi\u015ftir. 1996 y\u0131l\u0131nda Manisa Celal Bayar \u00dcniversitesi E\u011fitim Fak\u00fcltesi lisans program\u0131ndan \u00e7ift dal (S\u0131n\u0131f ve Beden E\u011fitimi \u00d6\u011fretmenli\u011fi) ile mezun olmu\u015f 2000-2014 y\u0131llar\u0131 aras\u0131nda MEB \u00f6rg\u00fcn ve yayg\u0131n e\u011fitim kurumlar\u0131nda 9 y\u0131l m\u00fcd\u00fcrl\u00fck, 3 y\u0131l m\u00fcd\u00fcr yetkili \u00f6\u011fretmenlik ve 2 y\u0131l \u00f6\u011fretmenlik yapm\u0131\u015ft\u0131r. 2005 y\u0131l\u0131nda Sakarya \u00dcniversitesi E\u011fitim Bilimleri y\u00fcksek lisans program\u0131n\u0131, 2014 y\u0131l\u0131nda ise Bolu Abant \u0130zzet Baysal \u00dcniversitesi E\u011fitim Y\u00f6netimi ve Denetimi doktora program\u0131n\u0131 tamamlam\u0131\u015ft\u0131r. Doktora tezinde Etik Liderli\u011fi ve \u00d6rg\u00fct K\u00fclt\u00fcr\u00fc konular\u0131n\u0131 \u00e7al\u0131\u015fm\u0131\u015ft\u0131r. 2014 y\u0131l\u0131nda Siirt \u00dcniversitesinde E\u011fitim Bilimleri B\u00f6l\u00fcm\u00fcnde Yard\u0131mc\u0131 Do\u00e7ent Dr. unvan\u0131yla \u00e7al\u0131\u015fmaya ba\u015flam\u0131\u015ft\u0131r. 2019 y\u0131l\u0131nda K. Mara\u015f S\u00fct\u00e7\u00fc \u0130mam \u00dcniversitesi E\u011fitim Bilimleri B\u00f6l\u00fcm\u00fc, E\u011fitim Y\u00f6netimi ABD g\u00f6reve ba\u015flam\u0131\u015ft\u0131r. 25 Kas\u0131m 2019 y\u0131l\u0131ndan Do\u00e7ent Dr. Unvan\u0131n\u0131 alm\u0131\u015ft\u0131r. Lisans, y\u00fcksek lisans ve doktora d\u00fczeyinde dersler vermektedir. Bunun di\u015finde resmi ve \u00f6zel kurumlara y\u0131lda 15-20 aras\u0131nda ki\u015fisel geli\u015fim, liderlik, y\u00f6netim ve organizasyon konular\u0131nda konferanslar vermektedir. Ulusal ve uluslararas\u0131 d\u00fczeyde bir\u00e7ok bilimsel toplant\u0131lara kat\u0131lm\u0131\u015ft\u0131r.<\/p>\n<\/div><\/div>\n<\/div><\/div><\/div>\n<\/div><\/section><\/div>","protected":false},"excerpt":{"rendered":"","protected":false},"author":1,"featured_media":0,"parent":0,"menu_order":0,"comment_status":"closed","ping_status":"closed","template":"","meta":{"footnotes":""},"class_list":["post-99","page","type-page","status-publish","hentry"],"_links":{"self":[{"href":"https:\/\/emuder.com\/en\/wp-json\/wp\/v2\/pages\/99","targetHints":{"allow":["GET"]}}],"collection":[{"href":"https:\/\/emuder.com\/en\/wp-json\/wp\/v2\/pages"}],"about":[{"href":"https:\/\/emuder.com\/en\/wp-json\/wp\/v2\/types\/page"}],"author":[{"embeddable":true,"href":"https:\/\/emuder.com\/en\/wp-json\/wp\/v2\/users\/1"}],"replies":[{"embeddable":true,"href":"https:\/\/emuder.com\/en\/wp-json\/wp\/v2\/comments?post=99"}],"version-history":[{"count":1,"href":"https:\/\/emuder.com\/en\/wp-json\/wp\/v2\/pages\/99\/revisions"}],"predecessor-version":[{"id":102,"href":"https:\/\/emuder.com\/en\/wp-json\/wp\/v2\/pages\/99\/revisions\/102"}],"wp:attachment":[{"href":"https:\/\/emuder.com\/en\/wp-json\/wp\/v2\/media?parent=99"}],"curies":[{"name":"wp","href":"https:\/\/api.w.org\/{rel}","templated":true}]}}